{"id":14531,"date":"2016-12-02T13:55:54","date_gmt":"2016-12-02T12:55:54","guid":{"rendered":"https:\/\/elspeedo.cz\/keylong\/?lang=en"},"modified":"2022-02-09T11:27:12","modified_gmt":"2022-02-09T10:27:12","slug":"el-speedo-backpack-keylong","status":"publish","type":"page","link":"https:\/\/elspeedo.cz\/en\/equipment-2\/rucksacks-and-packs-2\/el-speedo-backpack-keylong\/","title":{"rendered":"El Speedo backpack KEYLONG"},"content":{"rendered":"<div class=\"wpb-content-wrapper\">[mk_page_section video_loop=&#8221;false&#8221; min_height=&#8221;0&#8243; js_vertical_centered=&#8221;true&#8221; padding_top=&#8221;20&#8243; padding_bottom=&#8221;50&#8243; top_shape_color=&#8221;#ffffff&#8221; bottom_shape_color=&#8221;#ffffff&#8221; sidebar=&#8221;sidebar-1&#8243;][vc_column][vc_row_inner][vc_column_inner width=&#8221;1\/2&#8243;][vc_single_image image=&#8221;14017&#8243; img_size=&#8221;full&#8221; alignment=&#8221;center&#8221; style=&#8221;vc_box_rounded&#8221; css=&#8221;.vc_custom_1480681143700{padding-right: 0px !important;padding-left: 50px !important;}&#8221;][\/vc_column_inner][vc_column_inner width=&#8221;1\/2&#8243;][mk_padding_divider size=&#8221;60&#8243;][vc_column_text align=&#8221;right&#8221;]\n<p style=\"text-align: left\">As a good helper on the road to your paragliding experiences, we prepared for you a lightweight but tough enough mountain paragliding backpack. Optimal especially in combination with our series of harnesses \u2013 CHOGORI and WANAKA.<\/p>\n<p style=\"text-align: left\">Weight: 1,25 kg<\/p>\n<p style=\"text-align: left\">Material: Cordura 240g\/m2<\/p>\n<p style=\"text-align: left\">Sizes: M, L<\/p>\n[\/vc_column_text][mk_padding_divider][mk_button_gradient dimension=&#8221;flat&#8221; size=&#8221;large&#8221; corner_style=&#8221;rounded&#8221; grandient_color_from=&#8221;#6087b9&#8243; grandient_color_to=&#8221;#557bab&#8221; grandient_color_fallback=&#8221;#6087b9&#8243; url=&#8221;https:\/\/elspeedo.cz\/en\/order-your-new-el-speedo-backpacks\/&#8221; el_class=&#8221;btn-el-gradient-blue&#8221;]Price 159 \u20ac &#8211; Order now[\/mk_button_gradient][\/vc_column_inner][\/vc_row_inner][\/vc_column][\/mk_page_section][mk_page_section bg_color=&#8221;#272727&#8243; bg_position=&#8221;center center&#8221; video_loop=&#8221;false&#8221; js_vertical_centered=&#8221;true&#8221; padding_top=&#8221;100&#8243; padding_bottom=&#8221;80&#8243; top_shape_color=&#8221;#ffffff&#8221; bottom_shape_color=&#8221;#ffffff&#8221; el_class=&#8221;sc-dark&#8221; sidebar=&#8221;sidebar-1&#8243;][vc_column][vc_column_text]\n<h1 style=\"text-align: center\">Deep below us<\/h1>\n[\/vc_column_text][vc_column_text]\n<p style=\"text-align: center\">Filip and I were sitting by a fire and were watching the darkening sky and white peaks of the Southern Himalayas. Drinking tea and talking about what would be tomorrow, what is waiting for us in the air. Not far from us was a Buddhist temple and deep below us in a valley ran a line of lights. At the end of the line was a shining town with weather-beaten people who used to stand really hard conditions.<\/p>\n<p style=\"text-align: center\">The place is called KEYLONG.<\/p>\n[\/vc_column_text][vc_single_image image=&#8221;14020&#8243; img_size=&#8221;full&#8221; alignment=&#8221;center&#8221; style=&#8221;vc_box_rounded&#8221;][\/vc_column][\/mk_page_section][mk_page_section video_loop=&#8221;false&#8221; padding_top=&#8221;100&#8243; padding_bottom=&#8221;0&#8243; sidebar=&#8221;sidebar-1&#8243;][vc_column width=&#8221;1\/2&#8243;][vc_column_text disable_pattern=&#8221;false&#8221; align=&#8221;right&#8221;]\n<h1 style=\"text-align: right\">Higher COMFORT?<\/h1>\n<h4 style=\"text-align: right\">It doesn\u2019t have to be such a burden.<\/h4>\n[\/vc_column_text][vc_column_text]\n<p style=\"text-align: right\">For a paragliding backpack is principal how you feel when you wear it. We offer a backpack which will enable pilots to complete longer hikes and climbing up a hill \u2013 that was a priority in KEYLONG\u2019s construction. It\u2019s based on proven hiking backpack construction \u2013 slimmer shape what pushes the gravity center to the higher part of the backpack.<\/p>\n<p style=\"text-align: right\">For padding the back section, we also used an internal compression strap what fastens the folded canopy tight to the back section and thus significantly strengthens it. Side compression straps make the whole backpack firmer also.<\/p>\n<p style=\"text-align: right\">When walking in rugged terrain you\u2019ll also appreciate telescopic sticks. And when you\u2019ll not use them, you can fasten them by these side compression straps.<\/p>\n<div class=\"clearboth\" style=\"text-align: right\"><\/div>\n<div class=\"vc_col-sm-6 wpb_column column_container _ height-full\" style=\"text-align: right\"><\/div>\n[\/vc_column_text][\/vc_column][vc_column width=&#8221;1\/2&#8243;][vc_single_image image=&#8221;14018&#8243; img_size=&#8221;full&#8221; style=&#8221;vc_box_rounded&#8221; css=&#8221;.vc_custom_1480682268313{padding-left: 60px !important;}&#8221;][\/vc_column][\/mk_page_section][vc_row css=&#8221;.vc_custom_1483295487276{padding-bottom: 40px !important;}&#8221;][vc_column][vc_separator el_width=&#8221;80&#8243; el_class=&#8221;basic-separator&#8221; css=&#8221;.vc_custom_1483295438813{padding-top: 0px !important;}&#8221;][\/vc_column][\/vc_row][vc_row css=&#8221;.vc_custom_1483294444258{padding-bottom: 0px !important;}&#8221;][vc_column width=&#8221;1\/2&#8243;][vc_single_image image=&#8221;18674&#8243; img_size=&#8221;full&#8221; alignment=&#8221;center&#8221; style=&#8221;vc_box_rounded&#8221;][\/vc_column][vc_column width=&#8221;1\/2&#8243;][mk_padding_divider][vc_column_text disable_pattern=&#8221;false&#8221; align=&#8221;center&#8221;]\n<h1 style=\"text-align: center\">Integrated cockpit for your devices<\/h1>\n[\/vc_column_text][mk_padding_divider][vc_column_text disable_pattern=&#8221;false&#8221; align=&#8221;center&#8221;]\n<p style=\"text-align: center\">An ample space in a back pocket is often a problem. That\u2019s why we equipped the KEYLONG XC with a pocket where you can easily pack the backpack into and close it. Then you can attach this package by adjustable straps to carabiners and use it as a cockpit for your devices. For fastening, there are sewn velcro straps and safety loops.<\/p>\n[\/vc_column_text][\/vc_column][\/vc_row][vc_row css=&#8221;.vc_custom_1483295305221{padding-bottom: 0px !important;}&#8221;][vc_column][vc_separator el_width=&#8221;80&#8243; el_class=&#8221;basic-separator&#8221; css=&#8221;.vc_custom_1480672026110{padding-top: 70px !important;}&#8221;][\/vc_column][\/vc_row][vc_row css=&#8221;.vc_custom_1480682539770{padding-top: 70px !important;}&#8221;][vc_column][vc_column_text]\n<h1 style=\"text-align: center\">Size and technical information<\/h1>\n[\/vc_column_text][mk_table style=&#8221;style2&#8243;]\n<table style=\"height: 118px\" width=\"1109\">\n<thead>\n<tr>\n<th style=\"text-align: center\">KEYLONG<\/th>\n<th style=\"text-align: center\">M<\/th>\n<th style=\"text-align: center\">L<\/th>\n<\/tr>\n<\/thead>\n<tbody>\n<tr>\n<td style=\"text-align: center\"><\/td>\n<td style=\"text-align: center\"><\/td>\n<td style=\"text-align: center\"><\/td>\n<\/tr>\n<tr>\n<td style=\"text-align: center\">Backpack\u00b4s volume (l)<\/td>\n<td style=\"text-align: center\">115<\/td>\n<td style=\"text-align: center\">130<\/td>\n<\/tr>\n<tr>\n<td style=\"text-align: center\">Backpack\u00b4s weight (kg)<\/td>\n<td style=\"text-align: center\">1,25<\/td>\n<td style=\"text-align: center\">1,40<\/td>\n<\/tr>\n<tr>\n<td style=\"text-align: center\"><\/td>\n<td style=\"text-align: center\"><\/td>\n<td style=\"text-align: center\"><\/td>\n<\/tr>\n<tr>\n<td style=\"text-align: center\"><strong>Price<\/strong><\/td>\n<td style=\"text-align: center\"><strong>159 \u20ac<\/strong><\/td>\n<td style=\"text-align: center\"><strong>159 \u20ac<\/strong><\/td>\n<\/tr>\n<\/tbody>\n<\/table>\n[\/mk_table][mk_padding_divider size=&#8221;60&#8243;][\/vc_column][\/vc_row][vc_row][vc_column][vc_single_image image=&#8221;14015&#8243; img_size=&#8221;full&#8221; alignment=&#8221;center&#8221; style=&#8221;vc_box_rounded&#8221;][\/vc_column][\/vc_row][vc_row fullwidth=&#8221;true&#8221; fullwidth_content=&#8221;false&#8221; css=&#8221;.vc_custom_1483295691389{padding-top: 60px !important;padding-bottom: 40px !important;background-color: #e7e7e7 !important;}&#8221;][vc_column][vc_column_text align=&#8221;center&#8221;]\n<h1>When we are deep in the mountains<\/h1>\n[\/vc_column_text][\/vc_column][vc_column width=&#8221;1\/2&#8243; css=&#8221;.vc_custom_1483295678914{padding-top: 20px !important;}&#8221;][vc_single_image image=&#8221;14019&#8243; img_size=&#8221;full&#8221; alignment=&#8221;center&#8221; style=&#8221;vc_box_rounded&#8221;][\/vc_column][vc_column width=&#8221;1\/2&#8243; css=&#8221;.vc_custom_1483295668260{padding-top: 20px !important;padding-bottom: 60px !important;}&#8221;][vc_column_text]On our travels, we don\u2019t always have an available wall socket with electricity. So we have to rely on a solar panel when we want to charge a GPS, vario or a phone. Two-section solar panel weighs 300 grams.<\/p>\n<p>When we place it in the top section of the backpack we get a lot of sunshine, while walking with the backpack on or waiting somewhere for something.<\/p>\n<p>And even more effective is a combination of solar panel, vario and GPS<\/p>\n<p style=\"text-align: left\">&#8211; <a href=\"https:\/\/elspeedo.cz\/en\/equipment\/instruments\/sky-drop-ultrino\/\">SKY DROP Ultrino<\/a>.<\/p>\n<p style=\"text-align: left\">Rubber strings on the top are really useful for carrying clothes you need to dry or just put aside.<\/p>\n[\/vc_column_text][\/vc_column][\/vc_row][mk_page_section bg_color=&#8221;#272727&#8243; bg_position=&#8221;center center&#8221; video_loop=&#8221;false&#8221; js_vertical_centered=&#8221;true&#8221; padding_top=&#8221;80&#8243; padding_bottom=&#8221;80&#8243; el_class=&#8221;sc-dark&#8221; sidebar=&#8221;sidebar-1&#8243;][vc_column][vc_column_text disable_pattern=&#8221;false&#8221; align=&#8221;center&#8221;]\n<div class=\"clr\" style=\"text-align: center\"><span style=\"font-size: 24pt\">Buy for\u00a0<span style=\"font-size: 40pt\">GRADUATE PRICES<\/span><\/span><\/div>\n[\/vc_column_text][mk_padding_divider size=&#8221;20&#8243;][vc_column_text disable_pattern=&#8221;false&#8221; align=&#8221;center&#8221;]All graduates of our training programs are provided<\/p>\n<h2>10% discount and the possibility of arranging VAT deduction.<\/h2>\n<p>Get more information in El Speedo office via tel. +420 777 311 661[\/vc_column_text][\/vc_column][\/mk_page_section]\n<\/div>","protected":false},"excerpt":{"rendered":"<p>[mk_page_section video_loop=&#8221;false&#8221; min_height=&#8221;0&#8243; js_vertical_centered=&#8221;true&#8221; padding_top=&#8221;20&#8243; padding_bottom=&#8221;50&#8243; top_shape_color=&#8221;#ffffff&#8221; bottom_shape_color=&#8221;#ffffff&#8221; sidebar=&#8221;sidebar-1&#8243;][vc_column][vc_row_inner][vc_column_inner width=&#8221;1\/2&#8243;][vc_single_image image=&#8221;14017&#8243; img_size=&#8221;full&#8221; alignment=&#8221;center&#8221; style=&#8221;vc_box_rounded&#8221; css=&#8221;.vc_custom_1480681143700{padding-right: 0px !important;padding-left: 50px !important;}&#8221;][\/vc_column_inner][vc_column_inner width=&#8221;1\/2&#8243;][mk_padding_divider size=&#8221;60&#8243;][vc_column_text align=&#8221;right&#8221;] As a good helper on the road to your paragliding experiences, we prepared for you a lightweight but tough enough mountain paragliding backpack. Optimal especially in combination with our series of harnesses \u2013 [&hellip;]<\/p>\n","protected":false},"author":7,"featured_media":0,"parent":26870,"menu_order":0,"comment_status":"closed","ping_status":"closed","template":"","meta":{"_tribe_blocks_recurrence_rules":"","_tribe_blocks_recurrence_exclusions":"","_tribe_blocks_recurrence_description":"","footnotes":""},"class_list":["post-14531","page","type-page","status-publish","hentry"],"yoast_head":"<!-- This site is optimized with the Yoast SEO plugin v27.0 - https:\/\/yoast.com\/product\/yoast-seo-wordpress\/ -->\n<title>El Speedo backpack KEYLONG &#8212; El Speedo<\/title>\n<meta name=\"description\" content=\"El Speedo je nejv\u011bt\u0161\u00ed paraglidingov\u00e1 komunita a \u0161kola v \u010cR. Tandemov\u00e9 seskoky, kurzy, expedice a paragliding v\u00fdbava\" \/>\n<meta name=\"robots\" content=\"index, follow, max-snippet:-1, max-image-preview:large, max-video-preview:-1\" \/>\n<link rel=\"canonical\" href=\"https:\/\/elspeedo.cz\/vybaveni\/batohy-a-obaly\/keylong\/\" \/>\n<meta property=\"og:locale\" content=\"en_US\" \/>\n<meta property=\"og:type\" content=\"article\" \/>\n<meta property=\"og:title\" content=\"El Speedo backpack KEYLONG &#8212; El Speedo\" \/>\n<meta property=\"og:description\" content=\"El Speedo je nejv\u011bt\u0161\u00ed paraglidingov\u00e1 komunita a \u0161kola v \u010cR. Tandemov\u00e9 seskoky, kurzy, expedice a paragliding v\u00fdbava\" \/>\n<meta property=\"og:url\" content=\"https:\/\/elspeedo.cz\/vybaveni\/batohy-a-obaly\/keylong\/\" \/>\n<meta property=\"og:site_name\" content=\"El Speedo\" \/>\n<meta property=\"article:publisher\" content=\"http:\/\/www.facebook.com\/paragliding.elspeedo.cz\/?fref=ts\" \/>\n<meta property=\"article:modified_time\" content=\"2022-02-09T10:27:12+00:00\" \/>\n<meta name=\"twitter:card\" content=\"summary_large_image\" \/>\n<meta name=\"twitter:label1\" content=\"Est. reading time\" \/>\n\t<meta name=\"twitter:data1\" content=\"5 minutes\" \/>\n<script type=\"application\/ld+json\" class=\"yoast-schema-graph\">{\"@context\":\"https:\/\/schema.org\",\"@graph\":[{\"@type\":\"WebPage\",\"@id\":\"https:\/\/elspeedo.cz\/vybaveni\/batohy-a-obaly\/keylong\/\",\"url\":\"https:\/\/elspeedo.cz\/vybaveni\/batohy-a-obaly\/keylong\/\",\"name\":\"El Speedo backpack KEYLONG &#8212; El Speedo\",\"isPartOf\":{\"@id\":\"https:\/\/elspeedo.cz\/#website\"},\"datePublished\":\"2016-12-02T12:55:54+00:00\",\"dateModified\":\"2022-02-09T10:27:12+00:00\",\"description\":\"El Speedo je nejv\u011bt\u0161\u00ed paraglidingov\u00e1 komunita a \u0161kola v \u010cR. Tandemov\u00e9 seskoky, kurzy, expedice a paragliding v\u00fdbava\",\"breadcrumb\":{\"@id\":\"https:\/\/elspeedo.cz\/vybaveni\/batohy-a-obaly\/keylong\/#breadcrumb\"},\"inLanguage\":\"en-US\",\"potentialAction\":[{\"@type\":\"ReadAction\",\"target\":[\"https:\/\/elspeedo.cz\/vybaveni\/batohy-a-obaly\/keylong\/\"]}]},{\"@type\":\"BreadcrumbList\",\"@id\":\"https:\/\/elspeedo.cz\/vybaveni\/batohy-a-obaly\/keylong\/#breadcrumb\",\"itemListElement\":[{\"@type\":\"ListItem\",\"position\":1,\"name\":\"Dom\u016f\",\"item\":\"https:\/\/elspeedo.cz\/en\/\"},{\"@type\":\"ListItem\",\"position\":2,\"name\":\"Equipment\",\"item\":\"https:\/\/elspeedo.cz\/en\/equipment-2\/\"},{\"@type\":\"ListItem\",\"position\":3,\"name\":\"Rucksacks and packs\",\"item\":\"https:\/\/elspeedo.cz\/en\/equipment-2\/rucksacks-and-packs-2\/\"},{\"@type\":\"ListItem\",\"position\":4,\"name\":\"El Speedo backpack KEYLONG\"}]},{\"@type\":\"WebSite\",\"@id\":\"https:\/\/elspeedo.cz\/#website\",\"url\":\"https:\/\/elspeedo.cz\/\",\"name\":\"El Speedo\",\"description\":\"Paragliding - kurzy, vybaven\u00ed, v\u00fdlety, komunita\",\"potentialAction\":[{\"@type\":\"SearchAction\",\"target\":{\"@type\":\"EntryPoint\",\"urlTemplate\":\"https:\/\/elspeedo.cz\/?s={search_term_string}\"},\"query-input\":{\"@type\":\"PropertyValueSpecification\",\"valueRequired\":true,\"valueName\":\"search_term_string\"}}],\"inLanguage\":\"en-US\"}]}<\/script>\n<!-- \/ Yoast SEO plugin. -->","yoast_head_json":{"title":"El Speedo backpack KEYLONG &#8212; El Speedo","description":"El Speedo je nejv\u011bt\u0161\u00ed paraglidingov\u00e1 komunita a \u0161kola v \u010cR. Tandemov\u00e9 seskoky, kurzy, expedice a paragliding v\u00fdbava","robots":{"index":"index","follow":"follow","max-snippet":"max-snippet:-1","max-image-preview":"max-image-preview:large","max-video-preview":"max-video-preview:-1"},"canonical":"https:\/\/elspeedo.cz\/vybaveni\/batohy-a-obaly\/keylong\/","og_locale":"en_US","og_type":"article","og_title":"El Speedo backpack KEYLONG &#8212; El Speedo","og_description":"El Speedo je nejv\u011bt\u0161\u00ed paraglidingov\u00e1 komunita a \u0161kola v \u010cR. Tandemov\u00e9 seskoky, kurzy, expedice a paragliding v\u00fdbava","og_url":"https:\/\/elspeedo.cz\/vybaveni\/batohy-a-obaly\/keylong\/","og_site_name":"El Speedo","article_publisher":"http:\/\/www.facebook.com\/paragliding.elspeedo.cz\/?fref=ts","article_modified_time":"2022-02-09T10:27:12+00:00","twitter_card":"summary_large_image","twitter_misc":{"Est. reading time":"5 minutes"},"schema":{"@context":"https:\/\/schema.org","@graph":[{"@type":"WebPage","@id":"https:\/\/elspeedo.cz\/vybaveni\/batohy-a-obaly\/keylong\/","url":"https:\/\/elspeedo.cz\/vybaveni\/batohy-a-obaly\/keylong\/","name":"El Speedo backpack KEYLONG &#8212; El Speedo","isPartOf":{"@id":"https:\/\/elspeedo.cz\/#website"},"datePublished":"2016-12-02T12:55:54+00:00","dateModified":"2022-02-09T10:27:12+00:00","description":"El Speedo je nejv\u011bt\u0161\u00ed paraglidingov\u00e1 komunita a \u0161kola v \u010cR. Tandemov\u00e9 seskoky, kurzy, expedice a paragliding v\u00fdbava","breadcrumb":{"@id":"https:\/\/elspeedo.cz\/vybaveni\/batohy-a-obaly\/keylong\/#breadcrumb"},"inLanguage":"en-US","potentialAction":[{"@type":"ReadAction","target":["https:\/\/elspeedo.cz\/vybaveni\/batohy-a-obaly\/keylong\/"]}]},{"@type":"BreadcrumbList","@id":"https:\/\/elspeedo.cz\/vybaveni\/batohy-a-obaly\/keylong\/#breadcrumb","itemListElement":[{"@type":"ListItem","position":1,"name":"Dom\u016f","item":"https:\/\/elspeedo.cz\/en\/"},{"@type":"ListItem","position":2,"name":"Equipment","item":"https:\/\/elspeedo.cz\/en\/equipment-2\/"},{"@type":"ListItem","position":3,"name":"Rucksacks and packs","item":"https:\/\/elspeedo.cz\/en\/equipment-2\/rucksacks-and-packs-2\/"},{"@type":"ListItem","position":4,"name":"El Speedo backpack KEYLONG"}]},{"@type":"WebSite","@id":"https:\/\/elspeedo.cz\/#website","url":"https:\/\/elspeedo.cz\/","name":"El Speedo","description":"Paragliding - kurzy, vybaven\u00ed, v\u00fdlety, komunita","potentialAction":[{"@type":"SearchAction","target":{"@type":"EntryPoint","urlTemplate":"https:\/\/elspeedo.cz\/?s={search_term_string}"},"query-input":{"@type":"PropertyValueSpecification","valueRequired":true,"valueName":"search_term_string"}}],"inLanguage":"en-US"}]}},"_links":{"self":[{"href":"https:\/\/elspeedo.cz\/en\/wp-json\/wp\/v2\/pages\/14531","targetHints":{"allow":["GET"]}}],"collection":[{"href":"https:\/\/elspeedo.cz\/en\/wp-json\/wp\/v2\/pages"}],"about":[{"href":"https:\/\/elspeedo.cz\/en\/wp-json\/wp\/v2\/types\/page"}],"author":[{"embeddable":true,"href":"https:\/\/elspeedo.cz\/en\/wp-json\/wp\/v2\/users\/7"}],"replies":[{"embeddable":true,"href":"https:\/\/elspeedo.cz\/en\/wp-json\/wp\/v2\/comments?post=14531"}],"version-history":[{"count":1,"href":"https:\/\/elspeedo.cz\/en\/wp-json\/wp\/v2\/pages\/14531\/revisions"}],"predecessor-version":[{"id":178243,"href":"https:\/\/elspeedo.cz\/en\/wp-json\/wp\/v2\/pages\/14531\/revisions\/178243"}],"up":[{"embeddable":true,"href":"https:\/\/elspeedo.cz\/en\/wp-json\/wp\/v2\/pages\/26870"}],"wp:attachment":[{"href":"https:\/\/elspeedo.cz\/en\/wp-json\/wp\/v2\/media?parent=14531"}],"curies":[{"name":"wp","href":"https:\/\/api.w.org\/{rel}","templated":true}]}}