{"id":14532,"date":"2016-12-02T13:55:54","date_gmt":"2016-12-02T12:55:54","guid":{"rendered":"https:\/\/elspeedo.cz\/keylong\/?lang=pl"},"modified":"2022-02-09T11:49:51","modified_gmt":"2022-02-09T10:49:51","slug":"el-speedo-plecak-keylong","status":"publish","type":"page","link":"https:\/\/elspeedo.cz\/pl\/sprzet-2\/plecaki-el-speedo\/el-speedo-plecak-keylong\/","title":{"rendered":"El Speedo plecak KEYLONG"},"content":{"rendered":"<div class=\"wpb-content-wrapper\">[mk_page_section video_loop=&#8221;false&#8221; min_height=&#8221;0&#8243; js_vertical_centered=&#8221;true&#8221; padding_top=&#8221;20&#8243; padding_bottom=&#8221;50&#8243; top_shape_color=&#8221;#ffffff&#8221; bottom_shape_color=&#8221;#ffffff&#8221; sidebar=&#8221;sidebar-1&#8243;][vc_column][vc_row_inner][vc_column_inner width=&#8221;1\/2&#8243;][vc_single_image image=&#8221;14017&#8243; img_size=&#8221;full&#8221; alignment=&#8221;center&#8221; style=&#8221;vc_box_rounded&#8221; css=&#8221;.vc_custom_1480681143700{padding-right: 0px !important;padding-left: 50px !important;}&#8221;][\/vc_column_inner][vc_column_inner width=&#8221;1\/2&#8243;][mk_padding_divider size=&#8221;60&#8243;][vc_column_text align=&#8221;right&#8221;]W naszej ofercie nie brakuje lekiego, lecz dostatecznie mocnego, g\u00f3rskiego plecaka do sprz\u0119tu paralotniowego, kt\u00f3ry b\u0119dzie Ci wspania\u0142ym pomocnikiem podczas wypraw i nowych do\u015bwiadcze\u0144 lotniczych. Idealny zw\u0142aszcza w kombinacji z\u00a0naszymi uprz\u0119\u017cami CHOGORI i WANAKA.<\/p>\n<p style=\"text-align: left\">Masa: 1,25 kg<\/p>\n<p style=\"text-align: left\">Materia\u0142: Cordura 240 g\/m2<\/p>\n<p style=\"text-align: left\">Rozmiary: M i L<\/p>\n[\/vc_column_text][mk_padding_divider]<p class=\"product woocommerce add_to_cart_inline \" style=\"border:4px solid #ccc; padding: 12px;\"><span class=\"woocommerce-Price-amount amount\">3 530&nbsp;<span class=\"woocommerce-Price-currencySymbol\">&#75;&#269;<\/span><\/span><a rel=\"nofollow\" href=\"https:\/\/elspeedo.cz\/?post_type=product&#038;p=18516\/\" data-quantity=\"1\" data-product_id=\"18516\" data-product_sku=\"\" class=\"product_loop_button product_type_variable  \" data-product_id=\"18516\" data-product_sku=\"\" aria-label=\"Select options for &ldquo;Batoh Keylong&rdquo;\" rel=\"nofollow\"><svg  class=\"mk-svg-icon\" data-name=\"mk-moon-search-3\" data-cacheid=\"icon-69f1a74ba274f\" style=\" height:16px; width: 16px; \"  xmlns=\"http:\/\/www.w3.org\/2000\/svg\" viewBox=\"0 0 512 512\"><path d=\"M496.131 435.698l-121.276-103.147c-12.537-11.283-25.945-16.463-36.776-15.963 28.628-33.534 45.921-77.039 45.921-124.588 0-106.039-85.961-192-192-192-106.038 0-192 85.961-192 192s85.961 192 192 192c47.549 0 91.054-17.293 124.588-45.922-.5 10.831 4.68 24.239 15.963 36.776l103.147 121.276c17.661 19.623 46.511 21.277 64.11 3.678s15.946-46.449-3.677-64.11zm-304.131-115.698c-70.692 0-128-57.308-128-128s57.308-128 128-128 128 57.308 128 128-57.307 128-128 128z\"\/><\/svg><span class=\"product_loop_button_text\">Read more<\/a><\/p>[\/vc_column_inner][\/vc_row_inner][\/vc_column][\/mk_page_section][mk_page_section bg_color=&#8221;#272727&#8243; bg_position=&#8221;center center&#8221; video_loop=&#8221;false&#8221; js_vertical_centered=&#8221;true&#8221; padding_top=&#8221;100&#8243; padding_bottom=&#8221;80&#8243; top_shape_color=&#8221;#ffffff&#8221; bottom_shape_color=&#8221;#ffffff&#8221; el_class=&#8221;sc-dark&#8221; sidebar=&#8221;sidebar-1&#8243;][vc_column][vc_column_text]\n<h1 style=\"text-align: center\">G\u0142\u0119boko pod nami<\/h1>\n[\/vc_column_text][vc_column_text]\n<p style=\"text-align: center\">Siedzieli\u015bmy z\u00a0Filipem przy ognisku, obserwowali\u015bmy powoli ciemniej\u0105ce niebo i bia\u0142e wierzcho\u0142ki wysokich g\u00f3r Po\u0142udniowych Himalaj\u00f3w. Rozmawiali\u015bmy o tym, jaki mo\u017ce by\u0107 nast\u0119pny dzie\u0144, co wszystko mo\u017ce nas w powietrzu spotka\u0107, pili\u015bmy herbat\u0119 i by\u0142o nam dobrze. Niedaleko nas sta\u0142a \u015bwi\u0105tynia Buddyjska a g\u0142\u0119boko pod nami dolin\u0119 przcina\u0142a linia \u015bwiate\u0142. Na ko\u0144cu tej linii \u015bwieci\u0142o miasteczko. Miasteczko pe\u0142ne ludzi przyzwyczajonych do wiatru i mrozu, do naprawd\u0119 twardych warunk\u00f3w.<\/p>\n<p style=\"text-align: center\">To miejsce nazywa si\u0119 Keylong.<\/p>\n[\/vc_column_text][vc_single_image image=&#8221;14020&#8243; img_size=&#8221;full&#8221; alignment=&#8221;center&#8221; style=&#8221;vc_box_rounded&#8221;][\/vc_column][\/mk_page_section][mk_page_section video_loop=&#8221;false&#8221; padding_top=&#8221;100&#8243; padding_bottom=&#8221;0&#8243; sidebar=&#8221;sidebar-1&#8243;][vc_column width=&#8221;1\/2&#8243;][vc_column_text disable_pattern=&#8221;false&#8221; align=&#8221;right&#8221;]\n<h1 style=\"text-align: right\">Wi\u0119kszy komfort?<\/h1>\n<h4 style=\"text-align: right\">Nie musi to by\u0107 takie m\u0119cz\u0105ce<\/h4>\n[\/vc_column_text][vc_column_text disable_pattern=&#8221;false&#8221; align=&#8221;right&#8221;]\n<p style=\"text-align: right\">Niezb\u0119dn\u0105 w\u0142a\u015bciwo\u015bci\u0105 plecaka do paralotni jest wygodne noszenie. Naszym celem by\u0142o stworzy\u0107 plecak, kt\u00f3ry b\u0119dzie wygodny podczas pieszego wychodzenia na startowiska i podczas przechodzenia piechot\u0105 na wi\u0119ksze odleg\u0142o\u015bci \u2013 i taki jest KEYLONG. Jego konstrukcja wywodzi si\u0119 ze sprawdzonych kszta\u0142t\u00f3w plecak\u00f3w do turystyki wysokog\u00f3rskiej, czyli wy\u017cszy i w\u0119\u017cszy, przesuwaj\u0105cy \u015brodek ci\u0119\u017cko\u015bci do g\u00f3rnych cz\u0119\u015bci plecaka.<\/p>\n<p style=\"text-align: right\">Nowy system no\u015bny z\u00a0dodatkow\u0105 ta\u015bm\u0105 kompresyjn\u0105 wewn\u0105trz plecaka pozwala lepiej przymocowa\u0107 posk\u0142adane skrzyd\u0142o na plecy, co poprawia komfort noszenia.<\/p>\n<p style=\"text-align: right\">Boczne ta\u015bmy kompresyjne swoim uk\u0142adem wyci\u0105gaj\u0105 obj\u0119to\u015b\u0107 plecaka do g\u00f3ry i jeszcze bardziej go usztywniaj\u0105.<\/p>\n<p style=\"text-align: right\">Przydatnym narz\u0119dziem w zr\u00f3\u017cnicowanym terenie g\u00f3rskim s\u0105 kijki teleskopowe. A kiedy akurat nie chcesz ich u\u017cywa\u0107, znajd\u0105 swoje miejsce za bocznymi ta\u015bmami.<\/p>\n[\/vc_column_text][\/vc_column][vc_column width=&#8221;1\/2&#8243;][vc_single_image image=&#8221;14018&#8243; img_size=&#8221;full&#8221; style=&#8221;vc_box_rounded&#8221; css=&#8221;.vc_custom_1480682268313{padding-left: 60px !important;}&#8221;][\/vc_column][\/mk_page_section][vc_row css=&#8221;.vc_custom_1483295487276{padding-bottom: 40px !important;}&#8221;][vc_column][vc_separator el_width=&#8221;80&#8243; el_class=&#8221;basic-separator&#8221; css=&#8221;.vc_custom_1483295438813{padding-top: 0px !important;}&#8221;][\/vc_column][\/vc_row][vc_row css=&#8221;.vc_custom_1483294444258{padding-bottom: 0px !important;}&#8221;][vc_column width=&#8221;1\/2&#8243;][vc_single_image image=&#8221;18674&#8243; img_size=&#8221;full&#8221; alignment=&#8221;center&#8221; style=&#8221;vc_box_rounded&#8221;][\/vc_column][vc_column width=&#8221;1\/2&#8243;][mk_padding_divider][vc_column_text disable_pattern=&#8221;false&#8221; align=&#8221;center&#8221;]\n<h1 style=\"text-align: center\">Zintegrowany kokpit<\/h1>\n[\/vc_column_text][mk_padding_divider][vc_column_text disable_pattern=&#8221;false&#8221; align=&#8221;center&#8221;]\n<p style=\"text-align: center\">W \u201ebaga\u017cnikach\u201c uprz\u0119\u017cy cz\u0119sto bywa ma\u0142o miejsca. Dlatego plecak KEYLONG posiada w\u0142asn\u0105 kiesze\u0144, do kt\u00f3rej mo\u017cna plecak w prosty spos\u00f3b zapakowa\u0107 i zamkn\u0105\u0107. W dodatku ten pakunek mo\u017cna dzi\u0119ki regulowanym ta\u015bmom podpi\u0105\u0107 do karabink\u00f3w i u\u017cywa\u0107 jako kokpit do osprz\u0119tu lotniczego. Do ich zamocowania wszyty jest rzep i dodatkowe oczka asekuracji.<\/p>\n[\/vc_column_text][\/vc_column][\/vc_row][vc_row css=&#8221;.vc_custom_1483295305221{padding-bottom: 0px !important;}&#8221;][vc_column][vc_separator el_width=&#8221;80&#8243; el_class=&#8221;basic-separator&#8221; css=&#8221;.vc_custom_1480672026110{padding-top: 70px !important;}&#8221;][\/vc_column][\/vc_row][vc_row css=&#8221;.vc_custom_1480682539770{padding-top: 70px !important;}&#8221;][vc_column][vc_column_text]\n<h1 style=\"text-align: center\">Rozmiary i dane techniczne<\/h1>\n[\/vc_column_text][mk_table style=&#8221;style2&#8243;]\n<table style=\"height: 118px\" width=\"1109\">\n<thead>\n<tr>\n<th style=\"text-align: center\">KEYLONG<\/th>\n<th style=\"text-align: center\">M<\/th>\n<th style=\"text-align: center\">L<\/th>\n<\/tr>\n<\/thead>\n<tbody>\n<tr>\n<td style=\"text-align: center\"><\/td>\n<td style=\"text-align: center\"><\/td>\n<td style=\"text-align: center\"><\/td>\n<\/tr>\n<tr>\n<td style=\"text-align: center\">Obj\u0119to\u015b\u0107 plecaka (l)<\/td>\n<td style=\"text-align: center\">115<\/td>\n<td style=\"text-align: center\">130<\/td>\n<\/tr>\n<tr>\n<td style=\"text-align: center\">Masa plecaka (kg)<\/td>\n<td style=\"text-align: center\">1,25<\/td>\n<td style=\"text-align: center\">1,40<\/td>\n<\/tr>\n<tr>\n<td style=\"text-align: center\"><\/td>\n<td style=\"text-align: center\"><\/td>\n<td style=\"text-align: center\"><\/td>\n<\/tr>\n<tr>\n<td style=\"text-align: center\">Cena<\/td>\n<td style=\"text-align: center\">3530 CZK<\/td>\n<td style=\"text-align: center\">3530 CZK<\/td>\n<\/tr>\n<\/tbody>\n<\/table>\n[\/mk_table][mk_padding_divider size=&#8221;60&#8243;][\/vc_column][\/vc_row][vc_row][vc_column][vc_single_image image=&#8221;14015&#8243; img_size=&#8221;full&#8221; alignment=&#8221;center&#8221; style=&#8221;vc_box_rounded&#8221;][\/vc_column][\/vc_row][vc_row fullwidth=&#8221;true&#8221; fullwidth_content=&#8221;false&#8221; css=&#8221;.vc_custom_1483295691389{padding-top: 60px !important;padding-bottom: 40px !important;background-color: #e7e7e7 !important;}&#8221;][vc_column][vc_column_text align=&#8221;center&#8221;]\n<h1 style=\"text-align: center\">G\u0142\u0119boko w g\u00f3rach i bez wtyczki<\/h1>\n[\/vc_column_text][\/vc_column][vc_column width=&#8221;1\/2&#8243; css=&#8221;.vc_custom_1483295678914{padding-top: 20px !important;}&#8221;][vc_single_image image=&#8221;14019&#8243; img_size=&#8221;full&#8221; alignment=&#8221;center&#8221; style=&#8221;vc_box_rounded&#8221;][\/vc_column][vc_column width=&#8221;1\/2&#8243; css=&#8221;.vc_custom_1483295668260{padding-top: 20px !important;padding-bottom: 60px !important;}&#8221;][vc_column_text]Nie zawsze w ci\u0105gu naszych podr\u00f3\u017cy mamy do dyspozycji gniazdko zasilaj\u0105ce. Do do\u0142adowania GPSa, waria czy telefonu musimy u\u017cywa\u0107 kolektora s\u0142onecznego, kt\u00f3ry mo\u017ce wa\u017cy\u0107 oko\u0142o 300g.<\/p>\n<p>Podczas w\u0119dr\u00f3wki i podczas czekania dzi\u0119ki umieszczeniu kolektora w g\u00f3rnej cz\u0119\u015bci plecaka zgromadzisz du\u017c\u0105 dawk\u0119 energii s\u0142onecznej.<\/p>\n<p style=\"text-align: left\">Tutaj sprawdzona jest kombinacja kolektora i varia z\u00a0GPSem<\/p>\n<p style=\"text-align: left\">&#8211; <a href=\"https:\/\/elspeedo.cz\/pl\/sprzet\/elektronika-el-speedo-lekkie-dokladne-i-niezawodne\/sky-drop-ultrino\/\">SKY DROP Ultrino<\/a>.<\/p>\n<p style=\"text-align: left\">G\u00f3rny \u015bci\u0105gacz mo\u017ce przytrzyma\u0107 ubrania, kt\u00f3rych akurat nie potrzebujesz, albo kt\u00f3re potrzebujesz wysuszy\u0107.<\/p>\n[\/vc_column_text][\/vc_column][\/vc_row][mk_page_section bg_color=&#8221;#f4f4f4&#8243; bg_stretch=&#8221;true&#8221; video_loop=&#8221;false&#8221; padding_top=&#8221;100&#8243; padding_bottom=&#8221;100&#8243; el_class=&#8221;section-gray&#8221; sidebar=&#8221;sidebar-1&#8243;][vc_column width=&#8221;1\/2&#8243;][vc_column_text]\n<h2>Przejd\u017a na zam\u00f3wienie:<\/h2>\n[\/vc_column_text][\/vc_column][vc_column width=&#8221;1\/2&#8243;]<p class=\"product woocommerce add_to_cart_inline \" style=\"border:4px solid #ccc; padding: 12px;\"><span class=\"woocommerce-Price-amount amount\">3 530&nbsp;<span class=\"woocommerce-Price-currencySymbol\">&#75;&#269;<\/span><\/span><a rel=\"nofollow\" href=\"https:\/\/elspeedo.cz\/?post_type=product&#038;p=18516\/\" data-quantity=\"1\" data-product_id=\"18516\" data-product_sku=\"\" class=\"product_loop_button product_type_variable  \" data-product_id=\"18516\" data-product_sku=\"\" aria-label=\"Select options for &ldquo;Batoh Keylong&rdquo;\" rel=\"nofollow\"><svg  class=\"mk-svg-icon\" data-name=\"mk-moon-search-3\" data-cacheid=\"icon-69f1a74ba2d37\" style=\" height:16px; width: 16px; \"  xmlns=\"http:\/\/www.w3.org\/2000\/svg\" viewBox=\"0 0 512 512\"><path d=\"M496.131 435.698l-121.276-103.147c-12.537-11.283-25.945-16.463-36.776-15.963 28.628-33.534 45.921-77.039 45.921-124.588 0-106.039-85.961-192-192-192-106.038 0-192 85.961-192 192s85.961 192 192 192c47.549 0 91.054-17.293 124.588-45.922-.5 10.831 4.68 24.239 15.963 36.776l103.147 121.276c17.661 19.623 46.511 21.277 64.11 3.678s15.946-46.449-3.677-64.11zm-304.131-115.698c-70.692 0-128-57.308-128-128s57.308-128 128-128 128 57.308 128 128-57.307 128-128 128z\"\/><\/svg><span class=\"product_loop_button_text\">Read more<\/a><\/p>[\/vc_column][\/mk_page_section][mk_page_section bg_color=&#8221;#272727&#8243; bg_position=&#8221;center center&#8221; video_loop=&#8221;false&#8221; js_vertical_centered=&#8221;true&#8221; padding_top=&#8221;80&#8243; padding_bottom=&#8221;80&#8243; el_class=&#8221;sc-dark&#8221; sidebar=&#8221;sidebar-1&#8243;][vc_column][vc_column_text disable_pattern=&#8221;false&#8221; align=&#8221;center&#8221;]\n<div class=\"clr\" style=\"text-align: center\"><span style=\"font-size: 24pt\">Kupuj w\u00a0<span style=\"font-size: 40pt\">CENACH ABSOLWENCKICH<\/span><\/span><\/div>\n[\/vc_column_text][mk_padding_divider size=&#8221;20&#8243;][vc_column_text disable_pattern=&#8221;false&#8221; align=&#8221;center&#8221;]\n<p style=\"text-align: center\">Wszyscy absolwenci naszych program\u00f3w treningowych posiadaj\u0105<\/p>\n<h2 style=\"text-align: center\">zni\u017ck\u0119 10% i wed\u0142ug indywidualnych mo\u017cliwo\u015bci rozpatrujemy odliczenie podatku WAT.<\/h2>\n<p style=\"text-align: center\">Wszystkie informacje uzyskasz w naszym biurze, pod nr. +420\u00a0777\u00a0311 661<\/p>\n[\/vc_column_text][\/vc_column][\/mk_page_section]\n<\/div>","protected":false},"excerpt":{"rendered":"<p>[mk_page_section video_loop=&#8221;false&#8221; min_height=&#8221;0&#8243; js_vertical_centered=&#8221;true&#8221; padding_top=&#8221;20&#8243; padding_bottom=&#8221;50&#8243; top_shape_color=&#8221;#ffffff&#8221; bottom_shape_color=&#8221;#ffffff&#8221; sidebar=&#8221;sidebar-1&#8243;][vc_column][vc_row_inner][vc_column_inner width=&#8221;1\/2&#8243;][vc_single_image image=&#8221;14017&#8243; img_size=&#8221;full&#8221; alignment=&#8221;center&#8221; style=&#8221;vc_box_rounded&#8221; css=&#8221;.vc_custom_1480681143700{padding-right: 0px !important;padding-left: 50px !important;}&#8221;][\/vc_column_inner][vc_column_inner width=&#8221;1\/2&#8243;][mk_padding_divider size=&#8221;60&#8243;][vc_column_text align=&#8221;right&#8221;]W naszej ofercie nie brakuje lekiego, lecz dostatecznie mocnego, g\u00f3rskiego plecaka do sprz\u0119tu paralotniowego, kt\u00f3ry b\u0119dzie Ci wspania\u0142ym pomocnikiem podczas wypraw i nowych do\u015bwiadcze\u0144 lotniczych. Idealny zw\u0142aszcza w kombinacji z\u00a0naszymi uprz\u0119\u017cami CHOGORI i WANAKA. [&hellip;]<\/p>\n","protected":false},"author":7,"featured_media":0,"parent":27446,"menu_order":0,"comment_status":"closed","ping_status":"closed","template":"","meta":{"_tribe_blocks_recurrence_rules":"","_tribe_blocks_recurrence_exclusions":"","_tribe_blocks_recurrence_description":"","footnotes":""},"class_list":["post-14532","page","type-page","status-publish","hentry"],"yoast_head":"<!-- This site is optimized with the Yoast SEO plugin v27.0 - https:\/\/yoast.com\/product\/yoast-seo-wordpress\/ -->\n<title>El Speedo plecak KEYLONG &#8212; El Speedo<\/title>\n<meta name=\"description\" content=\"W naszej ofercie nie brakuje lekiego, lecz dostatecznie mocnego, g\u00f3rskiego plecaka do sprz\u0119tu paralotniowego, kt\u00f3ry b\u0119dzie Ci wspania\u0142ym pomocnikiem.\" \/>\n<meta name=\"robots\" content=\"index, follow, max-snippet:-1, max-image-preview:large, max-video-preview:-1\" \/>\n<link rel=\"canonical\" href=\"https:\/\/elspeedo.cz\/vybaveni\/batohy-a-obaly\/keylong\/\" \/>\n<meta property=\"og:locale\" content=\"pl_PL\" \/>\n<meta property=\"og:type\" content=\"article\" \/>\n<meta property=\"og:title\" content=\"El Speedo plecak KEYLONG &#8212; El Speedo\" \/>\n<meta property=\"og:description\" content=\"W naszej ofercie nie brakuje lekiego, lecz dostatecznie mocnego, g\u00f3rskiego plecaka do sprz\u0119tu paralotniowego, kt\u00f3ry b\u0119dzie Ci wspania\u0142ym pomocnikiem.\" \/>\n<meta property=\"og:url\" content=\"https:\/\/elspeedo.cz\/vybaveni\/batohy-a-obaly\/keylong\/\" \/>\n<meta property=\"og:site_name\" content=\"El Speedo\" \/>\n<meta property=\"article:publisher\" content=\"http:\/\/www.facebook.com\/paragliding.elspeedo.cz\/?fref=ts\" \/>\n<meta property=\"article:modified_time\" content=\"2022-02-09T10:49:51+00:00\" \/>\n<meta name=\"twitter:card\" content=\"summary_large_image\" \/>\n<meta name=\"twitter:label1\" content=\"Szacowany czas czytania\" \/>\n\t<meta name=\"twitter:data1\" content=\"6 minut\" \/>\n<script type=\"application\/ld+json\" class=\"yoast-schema-graph\">{\"@context\":\"https:\/\/schema.org\",\"@graph\":[{\"@type\":\"WebPage\",\"@id\":\"https:\/\/elspeedo.cz\/vybaveni\/batohy-a-obaly\/keylong\/\",\"url\":\"https:\/\/elspeedo.cz\/vybaveni\/batohy-a-obaly\/keylong\/\",\"name\":\"El Speedo plecak KEYLONG &#8212; El Speedo\",\"isPartOf\":{\"@id\":\"https:\/\/elspeedo.cz\/#website\"},\"datePublished\":\"2016-12-02T12:55:54+00:00\",\"dateModified\":\"2022-02-09T10:49:51+00:00\",\"description\":\"W naszej ofercie nie brakuje lekiego, lecz dostatecznie mocnego, g\u00f3rskiego plecaka do sprz\u0119tu paralotniowego, kt\u00f3ry b\u0119dzie Ci wspania\u0142ym pomocnikiem.\",\"breadcrumb\":{\"@id\":\"https:\/\/elspeedo.cz\/vybaveni\/batohy-a-obaly\/keylong\/#breadcrumb\"},\"inLanguage\":\"pl-PL\",\"potentialAction\":[{\"@type\":\"ReadAction\",\"target\":[\"https:\/\/elspeedo.cz\/vybaveni\/batohy-a-obaly\/keylong\/\"]}]},{\"@type\":\"BreadcrumbList\",\"@id\":\"https:\/\/elspeedo.cz\/vybaveni\/batohy-a-obaly\/keylong\/#breadcrumb\",\"itemListElement\":[{\"@type\":\"ListItem\",\"position\":1,\"name\":\"Dom\u016f\",\"item\":\"https:\/\/elspeedo.cz\/pl\/\"},{\"@type\":\"ListItem\",\"position\":2,\"name\":\"Sprz\u0119t\",\"item\":\"https:\/\/elspeedo.cz\/pl\/sprzet-2\/\"},{\"@type\":\"ListItem\",\"position\":3,\"name\":\"Plecaki El Speedo\",\"item\":\"https:\/\/elspeedo.cz\/vybaveni\/batohy-a-obaly\/\"},{\"@type\":\"ListItem\",\"position\":4,\"name\":\"El Speedo plecak KEYLONG\"}]},{\"@type\":\"WebSite\",\"@id\":\"https:\/\/elspeedo.cz\/#website\",\"url\":\"https:\/\/elspeedo.cz\/\",\"name\":\"El Speedo\",\"description\":\"Paragliding - kurzy, vybaven\u00ed, v\u00fdlety, komunita\",\"potentialAction\":[{\"@type\":\"SearchAction\",\"target\":{\"@type\":\"EntryPoint\",\"urlTemplate\":\"https:\/\/elspeedo.cz\/?s={search_term_string}\"},\"query-input\":{\"@type\":\"PropertyValueSpecification\",\"valueRequired\":true,\"valueName\":\"search_term_string\"}}],\"inLanguage\":\"pl-PL\"}]}<\/script>\n<!-- \/ Yoast SEO plugin. -->","yoast_head_json":{"title":"El Speedo plecak KEYLONG &#8212; El Speedo","description":"W naszej ofercie nie brakuje lekiego, lecz dostatecznie mocnego, g\u00f3rskiego plecaka do sprz\u0119tu paralotniowego, kt\u00f3ry b\u0119dzie Ci wspania\u0142ym pomocnikiem.","robots":{"index":"index","follow":"follow","max-snippet":"max-snippet:-1","max-image-preview":"max-image-preview:large","max-video-preview":"max-video-preview:-1"},"canonical":"https:\/\/elspeedo.cz\/vybaveni\/batohy-a-obaly\/keylong\/","og_locale":"pl_PL","og_type":"article","og_title":"El Speedo plecak KEYLONG &#8212; El Speedo","og_description":"W naszej ofercie nie brakuje lekiego, lecz dostatecznie mocnego, g\u00f3rskiego plecaka do sprz\u0119tu paralotniowego, kt\u00f3ry b\u0119dzie Ci wspania\u0142ym pomocnikiem.","og_url":"https:\/\/elspeedo.cz\/vybaveni\/batohy-a-obaly\/keylong\/","og_site_name":"El Speedo","article_publisher":"http:\/\/www.facebook.com\/paragliding.elspeedo.cz\/?fref=ts","article_modified_time":"2022-02-09T10:49:51+00:00","twitter_card":"summary_large_image","twitter_misc":{"Szacowany czas czytania":"6 minut"},"schema":{"@context":"https:\/\/schema.org","@graph":[{"@type":"WebPage","@id":"https:\/\/elspeedo.cz\/vybaveni\/batohy-a-obaly\/keylong\/","url":"https:\/\/elspeedo.cz\/vybaveni\/batohy-a-obaly\/keylong\/","name":"El Speedo plecak KEYLONG &#8212; El Speedo","isPartOf":{"@id":"https:\/\/elspeedo.cz\/#website"},"datePublished":"2016-12-02T12:55:54+00:00","dateModified":"2022-02-09T10:49:51+00:00","description":"W naszej ofercie nie brakuje lekiego, lecz dostatecznie mocnego, g\u00f3rskiego plecaka do sprz\u0119tu paralotniowego, kt\u00f3ry b\u0119dzie Ci wspania\u0142ym pomocnikiem.","breadcrumb":{"@id":"https:\/\/elspeedo.cz\/vybaveni\/batohy-a-obaly\/keylong\/#breadcrumb"},"inLanguage":"pl-PL","potentialAction":[{"@type":"ReadAction","target":["https:\/\/elspeedo.cz\/vybaveni\/batohy-a-obaly\/keylong\/"]}]},{"@type":"BreadcrumbList","@id":"https:\/\/elspeedo.cz\/vybaveni\/batohy-a-obaly\/keylong\/#breadcrumb","itemListElement":[{"@type":"ListItem","position":1,"name":"Dom\u016f","item":"https:\/\/elspeedo.cz\/pl\/"},{"@type":"ListItem","position":2,"name":"Sprz\u0119t","item":"https:\/\/elspeedo.cz\/pl\/sprzet-2\/"},{"@type":"ListItem","position":3,"name":"Plecaki El Speedo","item":"https:\/\/elspeedo.cz\/vybaveni\/batohy-a-obaly\/"},{"@type":"ListItem","position":4,"name":"El Speedo plecak KEYLONG"}]},{"@type":"WebSite","@id":"https:\/\/elspeedo.cz\/#website","url":"https:\/\/elspeedo.cz\/","name":"El Speedo","description":"Paragliding - kurzy, vybaven\u00ed, v\u00fdlety, komunita","potentialAction":[{"@type":"SearchAction","target":{"@type":"EntryPoint","urlTemplate":"https:\/\/elspeedo.cz\/?s={search_term_string}"},"query-input":{"@type":"PropertyValueSpecification","valueRequired":true,"valueName":"search_term_string"}}],"inLanguage":"pl-PL"}]}},"_links":{"self":[{"href":"https:\/\/elspeedo.cz\/pl\/wp-json\/wp\/v2\/pages\/14532","targetHints":{"allow":["GET"]}}],"collection":[{"href":"https:\/\/elspeedo.cz\/pl\/wp-json\/wp\/v2\/pages"}],"about":[{"href":"https:\/\/elspeedo.cz\/pl\/wp-json\/wp\/v2\/types\/page"}],"author":[{"embeddable":true,"href":"https:\/\/elspeedo.cz\/pl\/wp-json\/wp\/v2\/users\/7"}],"replies":[{"embeddable":true,"href":"https:\/\/elspeedo.cz\/pl\/wp-json\/wp\/v2\/comments?post=14532"}],"version-history":[{"count":2,"href":"https:\/\/elspeedo.cz\/pl\/wp-json\/wp\/v2\/pages\/14532\/revisions"}],"predecessor-version":[{"id":178253,"href":"https:\/\/elspeedo.cz\/pl\/wp-json\/wp\/v2\/pages\/14532\/revisions\/178253"}],"up":[{"embeddable":true,"href":"https:\/\/elspeedo.cz\/pl\/wp-json\/wp\/v2\/pages\/27446"}],"wp:attachment":[{"href":"https:\/\/elspeedo.cz\/pl\/wp-json\/wp\/v2\/media?parent=14532"}],"curies":[{"name":"wp","href":"https:\/\/api.w.org\/{rel}","templated":true}]}}